{"version":"1.0","provider_name":"L\u00e9xico fashionista","provider_url":"https:\/\/www.cope.es\/blogs\/tendencias-moda","title":"Si no quieres ligar, usa \u00abmom jeans\u00bb - L\u00e9xico fashionista","type":"rich","width":600,"height":338,"html":"<blockquote class=\"wp-embedded-content\" data-secret=\"dzll2gd2cf\"><a href=\"https:\/\/www.cope.es\/blogs\/tendencias-moda\/2014\/03\/20\/mom-jeans-estilismo-primavera-anti-morbo\/\">Si no quieres ligar, usa \u00abmom jeans\u00bb<\/a><\/blockquote><iframe sandbox=\"allow-scripts\" security=\"restricted\" src=\"https:\/\/www.cope.es\/blogs\/tendencias-moda\/2014\/03\/20\/mom-jeans-estilismo-primavera-anti-morbo\/embed\/#?secret=dzll2gd2cf\" width=\"600\" height=\"338\" title=\"\u00abSi no quieres ligar, usa \u00abmom jeans\u00bb\u00bb \u2014 L\u00e9xico fashionista\" data-secret=\"dzll2gd2cf\" frameborder=\"0\" marginwidth=\"0\" marginheight=\"0\" scrolling=\"no\" class=\"wp-embedded-content\"><\/iframe><script type=\"text\/javascript\">\n\/* <![CDATA[ *\/\n\/*! This file is auto-generated *\/\n!function(d,l){\"use strict\";l.querySelector&&d.addEventListener&&\"undefined\"!=typeof URL&&(d.wp=d.wp||{},d.wp.receiveEmbedMessage||(d.wp.receiveEmbedMessage=function(e){var t=e.data;if((t||t.secret||t.message||t.value)&&!\/[^a-zA-Z0-9]\/.test(t.secret)){for(var s,r,n,a=l.querySelectorAll('iframe[data-secret=\"'+t.secret+'\"]'),o=l.querySelectorAll('blockquote[data-secret=\"'+t.secret+'\"]'),c=new RegExp(\"^https?:$\",\"i\"),i=0;i<o.length;i++)o[i].style.display=\"none\";for(i=0;i<a.length;i++)s=a[i],e.source===s.contentWindow&&(s.removeAttribute(\"style\"),\"height\"===t.message?(1e3<(r=parseInt(t.value,10))?r=1e3:~~r<200&&(r=200),s.height=r):\"link\"===t.message&&(r=new URL(s.getAttribute(\"src\")),n=new URL(t.value),c.test(n.protocol))&&n.host===r.host&&l.activeElement===s&&(d.top.location.href=t.value))}},d.addEventListener(\"message\",d.wp.receiveEmbedMessage,!1),l.addEventListener(\"DOMContentLoaded\",function(){for(var e,t,s=l.querySelectorAll(\"iframe.wp-embedded-content\"),r=0;r<s.length;r++)(t=(e=s[r]).getAttribute(\"data-secret\"))||(t=Math.random().toString(36).substring(2,12),e.src+=\"#?secret=\"+t,e.setAttribute(\"data-secret\",t)),e.contentWindow.postMessage({message:\"ready\",secret:t},\"*\")},!1)))}(window,document);\n\/\/# sourceURL=https:\/\/www.cope.es\/blogs\/tendencias-moda\/wp-includes\/js\/wp-embed.min.js\n\/* ]]> *\/\n<\/script>\n","thumbnail_url":"https:\/\/www.cope.es\/blogs\/tendencias-moda\/wp-content\/uploads\/sites\/3\/2014\/03\/tumblr_lke2pqAMiM1qc7h37o1_500.jpg","thumbnail_width":500,"thumbnail_height":384,"description":"Yo no pienso usar los denominados vaqueros \u00abmom jeans\u00bb. No s\u00e9 vosotros. Primero explicar que estos vaqueros se llaman as\u00ed porque se han dise\u00f1ado pensando en los \u00abjeans\u00bb que usaban las madres de los suburbios norteamericanos en los a\u00f1os 90\u2026 o lo que es lo mismo\u2026 se\u00f1oras cuyo solo inter\u00e9s era organizar \u00abcar pools\u00bb (llevar [&hellip;]"}